{"id":81,"date":"2016-10-19T01:38:00","date_gmt":"2016-10-19T07:38:00","guid":{"rendered":"http:\/\/www.fedecaces.com\/site\/alianzas\/"},"modified":"2021-12-21T15:47:35","modified_gmt":"2021-12-21T21:47:35","slug":"alianzas","status":"publish","type":"page","link":"https:\/\/www.fedecaces.com\/site\/alianzas\/","title":{"rendered":"Alianzas"},"content":{"rendered":"[et_pb_section fb_built=\u00bb1&#8243; admin_label=\u00bbsection\u00bb _builder_version=\u00bb3.22&#8243;][et_pb_row admin_label=\u00bbrow\u00bb _builder_version=\u00bb3.25&#8243; background_size=\u00bbinitial\u00bb background_position=\u00bbtop_left\u00bb background_repeat=\u00bbrepeat\u00bb][et_pb_column type=\u00bb4_4&#8243; _builder_version=\u00bb3.25&#8243; custom_padding=\u00bb|||\u00bb custom_padding__hover=\u00bb|||\u00bb][et_pb_text admin_label=\u00bbTexto\u00bb _builder_version=\u00bb3.27.4&#8243; background_size=\u00bbinitial\u00bb background_position=\u00bbtop_left\u00bb background_repeat=\u00bbrepeat\u00bb use_border_color=\u00bboff\u00bb border_color=\u00bb#ffffff\u00bb border_style=\u00bbsolid\u00bb]\n<h1>Nuestras Alianzas<\/h1>\n[\/et_pb_text][\/et_pb_column][\/et_pb_row][et_pb_row admin_label=\u00bbFila\u00bb _builder_version=\u00bb3.25&#8243; background_size=\u00bbinitial\u00bb background_position=\u00bbtop_left\u00bb background_repeat=\u00bbrepeat\u00bb column_structure=\u00bb1_4,1_4,1_4,1_4&#8243;][et_pb_column type=\u00bb1_4&#8243; _builder_version=\u00bb3.25&#8243; custom_padding=\u00bb|||\u00bb custom_padding__hover=\u00bb|||\u00bb][et_pb_blurb url=\u00bbhttp:\/\/www.aciamericas.coop\/\u00bb url_new_window=\u00bbon\u00bb image=\u00bbhttp:\/\/www.fedecaces.com\/site\/wp-content\/uploads\/2016\/10\/AC1.jpg\u00bb alt=\u00bbAlianza Cooperativa Internacional\u00bb image_max_width=\u00bbnone\u00bb admin_label=\u00bbAlianza Cooperativa Internacional\u00bb _builder_version=\u00bb3.0.87&#8243; background_size=\u00bbinitial\u00bb background_position=\u00bbtop_left\u00bb background_repeat=\u00bbrepeat\u00bb text_orientation=\u00bbcenter\u00bb use_border_color=\u00bboff\u00bb border_color=\u00bb#ffffff\u00bb border_style=\u00bbsolid\u00bb]Alianza Cooperativa Internacional<br \/>\n[\/et_pb_blurb][\/et_pb_column][et_pb_column type=\u00bb1_4&#8243; _builder_version=\u00bb3.25&#8243; custom_padding=\u00bb|||\u00bb custom_padding__hover=\u00bb|||\u00bb][et_pb_blurb url=\u00bbhttp:\/\/aiber.es\/\u00bb url_new_window=\u00bbon\u00bb image=\u00bbhttp:\/\/www.fedecaces.com\/site\/wp-content\/uploads\/2018\/07\/fomin-ingles-positivo-cropped.png\u00bb alt=\u00bbAsociaci\u00f3n Iberoamericana de Remesadores\u00bb admin_label=\u00bbAsociaci\u00f3n Iberoamericana de Remesadores\u00bb _builder_version=\u00bb3.0.101&#8243; background_size=\u00bbinitial\u00bb background_position=\u00bbtop_left\u00bb background_repeat=\u00bbrepeat\u00bb text_orientation=\u00bbcenter\u00bb use_border_color=\u00bboff\u00bb border_color=\u00bb#ffffff\u00bb border_style=\u00bbsolid\u00bb]\n<p>Fondo Multilateral de Inversiones, Miembros del Grupo BID.\u00a0<\/p>\n[\/et_pb_blurb][\/et_pb_column][et_pb_column type=\u00bb1_4&#8243; _builder_version=\u00bb3.25&#8243; custom_padding=\u00bb|||\u00bb custom_padding__hover=\u00bb|||\u00bb][et_pb_blurb url=\u00bbhttp:\/\/www.ccc-ca.com\/\u00bb url_new_window=\u00bbon\u00bb image=\u00bbhttp:\/\/www.fedecaces.com\/site\/wp-content\/uploads\/2016\/10\/CCCA.jpg\u00bb alt=\u00bbConfederaci\u00f3n de Cooperativas del Caribe, Centro y Suram\u00e9rica\u00bb image_max_width=\u00bbnone\u00bb admin_label=\u00bbConfederaci\u00f3n de Cooperativas del Caribe, Centro y Suram\u00e9rica\u00bb _builder_version=\u00bb3.0.87&#8243; background_size=\u00bbinitial\u00bb background_position=\u00bbtop_left\u00bb background_repeat=\u00bbrepeat\u00bb text_orientation=\u00bbcenter\u00bb use_border_color=\u00bboff\u00bb border_color=\u00bb#ffffff\u00bb border_style=\u00bbsolid\u00bb]Confederaci\u00f3n de Cooperativas del Caribe, Centro y Suram\u00e9rica<br \/>\n[\/et_pb_blurb][\/et_pb_column][et_pb_column type=\u00bb1_4&#8243; _builder_version=\u00bb3.25&#8243; custom_padding=\u00bb|||\u00bb custom_padding__hover=\u00bb|||\u00bb][et_pb_blurb url=\u00bbhttp:\/\/www.dgrv.org\/\u00bb url_new_window=\u00bbon\u00bb image=\u00bbhttp:\/\/www.fedecaces.com\/site\/wp-content\/uploads\/2016\/10\/DGRV.jpg\u00bb alt=\u00bbConfederaci\u00f3n Alemana de Cooperativas\u00bb image_max_width=\u00bbnone\u00bb admin_label=\u00bbConfederaci\u00f3n Alemana de Cooperativas\u00bb _builder_version=\u00bb3.0.87&#8243; background_size=\u00bbinitial\u00bb background_position=\u00bbtop_left\u00bb background_repeat=\u00bbrepeat\u00bb text_orientation=\u00bbcenter\u00bb use_border_color=\u00bboff\u00bb border_color=\u00bb#ffffff\u00bb border_style=\u00bbsolid\u00bb]Confederaci\u00f3n Alemana de Cooperativas<br \/>\n[\/et_pb_blurb][\/et_pb_column][\/et_pb_row][et_pb_row admin_label=\u00bbFila\u00bb _builder_version=\u00bb3.25&#8243; background_size=\u00bbinitial\u00bb background_position=\u00bbtop_left\u00bb background_repeat=\u00bbrepeat\u00bb column_structure=\u00bb1_4,1_4,1_4,1_4&#8243;][et_pb_column type=\u00bb1_4&#8243; _builder_version=\u00bb3.25&#8243; custom_padding=\u00bb|||\u00bb custom_padding__hover=\u00bb|||\u00bb][et_pb_blurb url=\u00bbmailto:integracion.incidencia@fedecaces.com\u00bb url_new_window=\u00bbon\u00bb image=\u00bbhttp:\/\/www.fedecaces.com\/site\/wp-content\/uploads\/2018\/07\/banner.jpg\u00bb alt=\u00bbDirectorio Nacional Cooperativo\u00bb admin_label=\u00bbDirectorio Nacional Cooperativo\u00bb _builder_version=\u00bb3.0.101&#8243; background_size=\u00bbinitial\u00bb background_position=\u00bbtop_left\u00bb background_repeat=\u00bbrepeat\u00bb text_orientation=\u00bbcenter\u00bb use_border_color=\u00bboff\u00bb border_color=\u00bb#ffffff\u00bb border_style=\u00bbsolid\u00bb]\n<p>BANDESAL<\/p>\n[\/et_pb_blurb][\/et_pb_column][et_pb_column type=\u00bb1_4&#8243; _builder_version=\u00bb3.25&#8243; custom_padding=\u00bb|||\u00bb custom_padding__hover=\u00bb|||\u00bb][et_pb_blurb url_new_window=\u00bbon\u00bb image=\u00bbhttp:\/\/www.fedecaces.com\/site\/wp-content\/uploads\/2016\/10\/EAES.jpg\u00bb alt=\u00bbCEPES Andaluc\u00eda\u00bb image_max_width=\u00bbnone\u00bb admin_label=\u00bbCEPES Andaluc\u00eda\u00bb _builder_version=\u00bb3.0.87&#8243; background_size=\u00bbinitial\u00bb background_position=\u00bbtop_left\u00bb background_repeat=\u00bbrepeat\u00bb text_orientation=\u00bbcenter\u00bb use_border_color=\u00bboff\u00bb border_color=\u00bb#ffffff\u00bb border_style=\u00bbsolid\u00bb]CEPES Andaluc\u00eda<br \/>\n[\/et_pb_blurb][\/et_pb_column][et_pb_column type=\u00bb1_4&#8243; _builder_version=\u00bb3.25&#8243; custom_padding=\u00bb|||\u00bb custom_padding__hover=\u00bb|||\u00bb][et_pb_blurb url=\u00bbhttp:\/\/www.infored.com.sv\/\u00bb url_new_window=\u00bbon\u00bb image=\u00bbhttp:\/\/www.fedecaces.com\/site\/wp-content\/uploads\/2016\/10\/INFORED.jpg\u00bb alt=\u00bbReferencias Crediticias Confiables\u00bb image_max_width=\u00bbnone\u00bb admin_label=\u00bbReferencias Crediticias Confiables\u00bb _builder_version=\u00bb3.0.87&#8243; background_size=\u00bbinitial\u00bb background_position=\u00bbtop_left\u00bb background_repeat=\u00bbrepeat\u00bb text_orientation=\u00bbcenter\u00bb use_border_color=\u00bboff\u00bb border_color=\u00bb#ffffff\u00bb border_style=\u00bbsolid\u00bb]Referencias Crediticias Confiables<br \/>\n[\/et_pb_blurb][\/et_pb_column][et_pb_column type=\u00bb1_4&#8243; _builder_version=\u00bb3.25&#8243; custom_padding=\u00bb|||\u00bb custom_padding__hover=\u00bb|||\u00bb][et_pb_blurb url=\u00bbhttp:\/\/www.oikocredit.org\/es\u00bb url_new_window=\u00bbon\u00bb image=\u00bbhttp:\/\/www.fedecaces.com\/site\/wp-content\/uploads\/2016\/10\/OIKOCREDIT.jpg\u00bb alt=\u00bbOIKO CREDIT\u00bb image_max_width=\u00bbnone\u00bb admin_label=\u00bbOIKO CREDIT\u00bb _builder_version=\u00bb3.0.87&#8243; background_size=\u00bbinitial\u00bb background_position=\u00bbtop_left\u00bb background_repeat=\u00bbrepeat\u00bb text_orientation=\u00bbcenter\u00bb use_border_color=\u00bboff\u00bb border_color=\u00bb#ffffff\u00bb border_style=\u00bbsolid\u00bb]OIKO CREDIT<br \/>\n[\/et_pb_blurb][\/et_pb_column][\/et_pb_row][et_pb_row admin_label=\u00bbFila\u00bb _builder_version=\u00bb3.25&#8243; background_size=\u00bbinitial\u00bb background_position=\u00bbtop_left\u00bb background_repeat=\u00bbrepeat\u00bb column_structure=\u00bb1_4,1_4,1_4,1_4&#8243;][et_pb_column type=\u00bb1_4&#8243; _builder_version=\u00bb3.25&#8243; custom_padding=\u00bb|||\u00bb custom_padding__hover=\u00bb|||\u00bb][et_pb_blurb url=\u00bbhttp:\/\/www.sccportal.org\/Inicio.aspx\u00bb url_new_window=\u00bbon\u00bb image=\u00bbhttp:\/\/www.fedecaces.com\/site\/wp-content\/uploads\/2018\/07\/descarga.png\u00bb alt=\u00bbCentro Cooperativo Sueco\u00bb admin_label=\u00bbCentro Cooperativo Sueco\u00bb _builder_version=\u00bb3.0.101&#8243; background_size=\u00bbinitial\u00bb background_position=\u00bbtop_left\u00bb background_repeat=\u00bbrepeat\u00bb text_orientation=\u00bbcenter\u00bb use_border_color=\u00bboff\u00bb border_color=\u00bb#ffffff\u00bb border_style=\u00bbsolid\u00bb]\n<p>CONAMYPE<\/p>\n[\/et_pb_blurb][et_pb_blurb url=\u00bbhttp:\/\/www.sccportal.org\/Inicio.aspx\u00bb url_new_window=\u00bbon\u00bb image=\u00bbhttp:\/\/www.fedecaces.com\/site\/wp-content\/uploads\/2018\/07\/logo-insaforp.png\u00bb alt=\u00bbCentro Cooperativo Sueco\u00bb admin_label=\u00bbCentro Cooperativo Sueco\u00bb _builder_version=\u00bb3.0.101&#8243; background_size=\u00bbinitial\u00bb background_position=\u00bbtop_left\u00bb background_repeat=\u00bbrepeat\u00bb text_orientation=\u00bbcenter\u00bb use_border_color=\u00bboff\u00bb border_color=\u00bb#ffffff\u00bb border_style=\u00bbsolid\u00bb]\n<p>INSAFORP<\/p>\n[\/et_pb_blurb][\/et_pb_column][et_pb_column type=\u00bb1_4&#8243; _builder_version=\u00bb3.25&#8243; custom_padding=\u00bb|||\u00bb custom_padding__hover=\u00bb|||\u00bb][et_pb_blurb url=\u00bbhttp:\/\/www.sccportal.org\/Inicio.aspx\u00bb url_new_window=\u00bbon\u00bb image=\u00bbhttp:\/\/www.fedecaces.com\/site\/wp-content\/uploads\/2021\/12\/worldcouncilRGB_spanish.jpg\u00bb alt=\u00bbCentro Cooperativo Sueco\u00bb admin_label=\u00bbCentro Cooperativo Sueco\u00bb _builder_version=\u00bb4.9.9&#8243; background_size=\u00bbinitial\u00bb background_position=\u00bbtop_left\u00bb background_repeat=\u00bbrepeat\u00bb text_orientation=\u00bbcenter\u00bb hover_enabled=\u00bb0&#8243; use_border_color=\u00bboff\u00bb border_color=\u00bb#ffffff\u00bb border_style=\u00bbsolid\u00bb title_text=\u00bbworldcouncilRGB_spanish\u00bb sticky_enabled=\u00bb0&#8243;]\n<p>Consejo Mundial de Cooperativas de Ahorro y Cr\u00e9dito<\/p>\n[\/et_pb_blurb][et_pb_blurb url=\u00bbhttp:\/\/www.sccportal.org\/Inicio.aspx\u00bb url_new_window=\u00bbon\u00bb image=\u00bbhttp:\/\/www.fedecaces.com\/site\/wp-content\/uploads\/2018\/07\/descarga-1.png\u00bb alt=\u00bbCentro Cooperativo Sueco\u00bb admin_label=\u00bbCentro Cooperativo Sueco\u00bb _builder_version=\u00bb3.0.101&#8243; background_size=\u00bbinitial\u00bb background_position=\u00bbtop_left\u00bb background_repeat=\u00bbrepeat\u00bb text_orientation=\u00bbcenter\u00bb use_border_color=\u00bboff\u00bb border_color=\u00bb#ffffff\u00bb border_style=\u00bbsolid\u00bb]\n<p>ASI- GROUP<\/p>\n[\/et_pb_blurb][\/et_pb_column][et_pb_column type=\u00bb1_4&#8243; _builder_version=\u00bb3.25&#8243; custom_padding=\u00bb|||\u00bb custom_padding__hover=\u00bb|||\u00bb][et_pb_blurb url=\u00bbhttp:\/\/www.habitatcostarica.org\/\u00bb url_new_window=\u00bbon\u00bb image=\u00bbhttp:\/\/www.fedecaces.com\/site\/wp-content\/uploads\/2018\/07\/logo-colac.png\u00bb alt=\u00bbHabitat Costa Rica\u00bb admin_label=\u00bbHabitat Costa Rica\u00bb _builder_version=\u00bb3.0.101&#8243; background_size=\u00bbinitial\u00bb background_position=\u00bbtop_left\u00bb background_repeat=\u00bbrepeat\u00bb text_orientation=\u00bbcenter\u00bb use_border_color=\u00bboff\u00bb border_color=\u00bb#ffffff\u00bb border_style=\u00bbsolid\u00bb]\n<p>COLAC<\/p>\n[\/et_pb_blurb][et_pb_blurb url=\u00bbhttp:\/\/www.habitatcostarica.org\/\u00bb url_new_window=\u00bbon\u00bb image=\u00bbhttp:\/\/www.fedecaces.com\/site\/wp-content\/uploads\/2018\/07\/descarga.jpg\u00bb alt=\u00bbHabitat Costa Rica\u00bb admin_label=\u00bbHabitat Costa Rica\u00bb _builder_version=\u00bb3.0.101&#8243; background_size=\u00bbinitial\u00bb background_position=\u00bbtop_left\u00bb background_repeat=\u00bbrepeat\u00bb text_orientation=\u00bbcenter\u00bb use_border_color=\u00bboff\u00bb border_color=\u00bb#ffffff\u00bb border_style=\u00bbsolid\u00bb]\n<p>RELCOOP<\/p>\n[\/et_pb_blurb][\/et_pb_column][et_pb_column type=\u00bb1_4&#8243; _builder_version=\u00bb3.25&#8243; custom_padding=\u00bb|||\u00bb custom_padding__hover=\u00bb|||\u00bb][et_pb_blurb url=\u00bbhttp:\/\/www.habitatcostarica.org\/\u00bb url_new_window=\u00bbon\u00bb image=\u00bbhttp:\/\/www.fedecaces.com\/site\/wp-content\/uploads\/2018\/07\/equifax.jpg\u00bb alt=\u00bbHabitat Costa Rica\u00bb admin_label=\u00bbHabitat Costa Rica\u00bb _builder_version=\u00bb3.0.101&#8243; background_size=\u00bbinitial\u00bb background_position=\u00bbtop_left\u00bb background_repeat=\u00bbrepeat\u00bb text_orientation=\u00bbcenter\u00bb use_border_color=\u00bboff\u00bb border_color=\u00bb#ffffff\u00bb border_style=\u00bbsolid\u00bb]\n<p>EQUIFAX<\/p>\n[\/et_pb_blurb][\/et_pb_column][\/et_pb_row][\/et_pb_section]\n","protected":false},"excerpt":{"rendered":"<p>Nuestras Alianzas Alianza Cooperativa Internacional Fondo Multilateral de Inversiones, Miembros del Grupo BID.\u00a0Confederaci\u00f3n de Cooperativas del Caribe, Centro y Suram\u00e9rica Confederaci\u00f3n Alemana de Cooperativas BANDESALCEPES Andaluc\u00eda Referencias Crediticias Confiables OIKO CREDIT CONAMYPEINSAFORPConsejo Mundial de Cooperativas de Ahorro y Cr\u00e9ditoASI- GROUPCOLACRELCOOPEQUIFAX<\/p>\n","protected":false},"author":1,"featured_media":0,"parent":0,"menu_order":7,"comment_status":"closed","ping_status":"closed","template":"","meta":{"_et_pb_use_builder":"on","_et_pb_old_content":"","_et_gb_content_width":"","footnotes":""},"class_list":["post-81","page","type-page","status-publish","hentry"],"_links":{"self":[{"href":"https:\/\/www.fedecaces.com\/site\/wp-json\/wp\/v2\/pages\/81","targetHints":{"allow":["GET"]}}],"collection":[{"href":"https:\/\/www.fedecaces.com\/site\/wp-json\/wp\/v2\/pages"}],"about":[{"href":"https:\/\/www.fedecaces.com\/site\/wp-json\/wp\/v2\/types\/page"}],"author":[{"embeddable":true,"href":"https:\/\/www.fedecaces.com\/site\/wp-json\/wp\/v2\/users\/1"}],"replies":[{"embeddable":true,"href":"https:\/\/www.fedecaces.com\/site\/wp-json\/wp\/v2\/comments?post=81"}],"version-history":[{"count":5,"href":"https:\/\/www.fedecaces.com\/site\/wp-json\/wp\/v2\/pages\/81\/revisions"}],"predecessor-version":[{"id":2761,"href":"https:\/\/www.fedecaces.com\/site\/wp-json\/wp\/v2\/pages\/81\/revisions\/2761"}],"wp:attachment":[{"href":"https:\/\/www.fedecaces.com\/site\/wp-json\/wp\/v2\/media?parent=81"}],"curies":[{"name":"wp","href":"https:\/\/api.w.org\/{rel}","templated":true}]}}